{"id":58,"date":"2020-02-19T12:11:00","date_gmt":"2020-02-19T12:11:00","guid":{"rendered":"http:\/\/josemanuelcardiel.com\/?page_id=58"},"modified":"2024-10-28T19:36:34","modified_gmt":"2024-10-28T17:36:34","slug":"sala-de-prensa","status":"publish","type":"page","link":"https:\/\/josemanuelcardiel.com\/fr\/salle-de-presse\/","title":{"rendered":"Salle de presse et vid\u00e9o"},"content":{"rendered":"<div class=\"wp-block-uagb-container uagb-block-4321a1b5 alignfull uagb-is-root-container\"><div class=\"uagb-container-inner-blocks-wrap\">\n<div class=\"wp-block-uagb-container uagb-block-cad8a1fd\">\n<figure class=\"wp-block-embed is-type-video is-provider-youtube wp-block-embed-youtube wp-embed-aspect-16-9 wp-has-aspect-ratio\"><div class=\"wp-block-embed__wrapper\">\n<iframe loading=\"lazy\" title=\"TRAVAIL CARDIEL : SOURCES DE SAGESSE\" width=\"500\" height=\"281\" src=\"https:\/\/www.youtube.com\/embed\/YmXcpf99G4Y?feature=oembed\" frameborder=\"0\" allow=\"accelerometer; autoplay; clipboard-write; encrypted-media; gyroscope; picture-in-picture; web-share\" referrerpolicy=\"strict-origin-when-cross-origin\" allowfullscreen><\/iframe>\n<\/div><\/figure>\n<\/div>\n\n\n\n<div class=\"wp-block-uagb-container uagb-block-53b5f6bb\">\n<figure class=\"wp-block-embed is-type-video is-provider-youtube wp-block-embed-youtube wp-embed-aspect-16-9 wp-has-aspect-ratio\"><div class=\"wp-block-embed__wrapper\">\n<iframe loading=\"lazy\" title=\"EXPOSITION CARDIEL AU MUS\u00c9E DU FEU ET DU FEU EN 2019\" width=\"500\" height=\"281\" src=\"https:\/\/www.youtube.com\/embed\/1onsnX1DFQY?feature=oembed\" frameborder=\"0\" allow=\"accelerometer; autoplay; clipboard-write; encrypted-media; gyroscope; picture-in-picture; web-share\" referrerpolicy=\"strict-origin-when-cross-origin\" allowfullscreen><\/iframe>\n<\/div><\/figure>\n<\/div>\n\n\n\n<div class=\"wp-block-uagb-container uagb-block-9ce6742a\">\n<figure class=\"wp-block-embed is-type-video is-provider-youtube wp-block-embed-youtube wp-embed-aspect-16-9 wp-has-aspect-ratio\"><div class=\"wp-block-embed__wrapper\">\n<iframe loading=\"lazy\" title=\"EXPOSITION H\u00d4TEL CARDIEL BOSTON SARAGOSSE 2017\" width=\"500\" height=\"281\" src=\"https:\/\/www.youtube.com\/embed\/LK0-Zb6GmMg?feature=oembed\" frameborder=\"0\" allow=\"accelerometer; autoplay; clipboard-write; encrypted-media; gyroscope; picture-in-picture; web-share\" referrerpolicy=\"strict-origin-when-cross-origin\" allowfullscreen><\/iframe>\n<\/div><\/figure>\n<\/div>\n\n\n\n<div class=\"wp-block-uagb-container uagb-block-9cd57034\">\n<figure class=\"wp-block-embed is-type-video is-provider-youtube wp-block-embed-youtube wp-embed-aspect-16-9 wp-has-aspect-ratio\"><div class=\"wp-block-embed__wrapper\">\n<iframe loading=\"lazy\" title=\"EXPOSITION H\u00d4TEL CARDIEL BOSTON SARAGOSSE 2017\" width=\"500\" height=\"281\" src=\"https:\/\/www.youtube.com\/embed\/LK0-Zb6GmMg?feature=oembed\" frameborder=\"0\" allow=\"accelerometer; autoplay; clipboard-write; encrypted-media; gyroscope; picture-in-picture; web-share\" referrerpolicy=\"strict-origin-when-cross-origin\" allowfullscreen><\/iframe>\n<\/div><\/figure>\n<\/div>\n<\/div><\/div>\n\n\n\n<div class=\"wp-block-getwid-section alignfull alignfull getwid-section-content-full-width\"><div class=\"wp-block-getwid-section__wrapper\"><div class=\"wp-block-getwid-section__inner-wrapper\"><div class=\"wp-block-getwid-section__background-holder\"><div class=\"wp-block-getwid-section__background\"><\/div><div class=\"wp-block-getwid-section__foreground\"><\/div><\/div><div class=\"wp-block-getwid-section__content\"><div class=\"wp-block-getwid-section__inner-content\">\n<div class=\"wp-block-getwid-section\"><div class=\"wp-block-getwid-section__wrapper\"><div class=\"wp-block-getwid-section__inner-wrapper\"><div class=\"wp-block-getwid-section__background-holder\"><div class=\"wp-block-getwid-section__background\"><\/div><div class=\"wp-block-getwid-section__foreground\"><\/div><\/div><div class=\"wp-block-getwid-section__content\"><div class=\"wp-block-getwid-section__inner-content\">\n<figure class=\"wp-block-video aligncenter\"><video controls src=\"http:\/\/josemanuelcardiel.com\/wp-content\/uploads\/2020\/10\/Presentacion-Jose-Manuel-Cardiel-1.mp4\"><\/video><\/figure>\n\n\n\n\t\t<div class=\"wp-block-getwid-recent-posts has-layout-list has-cropped-images\">\n\t\t\t<div class=\"wp-block-getwid-recent-posts__wrapper\">\n\t\t\t\t\n<article id=\"post-1147\" class=\"wp-block-getwid-recent-posts__post\">\n    <div class=\"wp-block-getwid-recent-posts__post-wrapper\">\n                    <div class=\"wp-block-getwid-recent-posts__post-thumbnail\">\n                <a href=\"https:\/\/josemanuelcardiel.com\/fr\/livraison-des-travaux-par-cardiel-au-parlement-europeen\/\"><img loading=\"lazy\" decoding=\"async\" width=\"300\" height=\"225\" src=\"https:\/\/josemanuelcardiel.com\/wp-content\/uploads\/2021\/10\/Entrega-eurodiputada-cuadro-Cardiel-300x225.jpeg\" class=\"attachment-medium size-medium wp-post-image\" alt=\"Livraison des \u0153uvres de Jos\u00e9 Manuel Cardiel au Parlement europ\u00e9en\" srcset=\"https:\/\/josemanuelcardiel.com\/wp-content\/uploads\/2021\/10\/Entrega-eurodiputada-cuadro-Cardiel-300x225.jpeg 300w, https:\/\/josemanuelcardiel.com\/wp-content\/uploads\/2021\/10\/Entrega-eurodiputada-cuadro-Cardiel-1024x768.jpeg 1024w, https:\/\/josemanuelcardiel.com\/wp-content\/uploads\/2021\/10\/Entrega-eurodiputada-cuadro-Cardiel-768x576.jpeg 768w, https:\/\/josemanuelcardiel.com\/wp-content\/uploads\/2021\/10\/Entrega-eurodiputada-cuadro-Cardiel-1536x1152.jpeg 1536w, https:\/\/josemanuelcardiel.com\/wp-content\/uploads\/2021\/10\/Entrega-eurodiputada-cuadro-Cardiel-scaled.jpeg 1200w\" sizes=\"auto, (max-width: 300px) 100vw, 300px\" \/><\/a>\n            <\/div>\n                            <div class=\"wp-block-getwid-recent-posts__content-wrapper\">\n                                    <header class=\"wp-block-getwid-recent-posts__entry-header\">\n                                                    <h2 class=\"wp-block-getwid-recent-posts__post-title\"><a href=\"https:\/\/josemanuelcardiel.com\/fr\/livraison-des-travaux-par-cardiel-au-parlement-europeen\/\">Livraison des \u0153uvres de Jos\u00e9 Manuel Cardiel au Parlement europ\u00e9en<\/a><\/h2>                                                                    <\/header>\n                                <div class=\"wp-block-getwid-recent-posts__post-content\">Livraison des travaux au Parlement europ\u00e9en au d\u00e9put\u00e9 europ\u00e9en. Mme Isabel Garc\u00eda Mu\u00f1oz.<\/div>\n                \n                            <\/div>\n            <\/div>\n<\/article>\n\t\t\t<\/div>\n\t\t<\/div>\n\t\t\n\n\n\t\t<div class=\"wp-block-getwid-recent-posts has-layout-list has-cropped-images\">\n\t\t\t<div class=\"wp-block-getwid-recent-posts__wrapper\">\n\t\t\t\t\n<article id=\"post-1814\" class=\"wp-block-getwid-recent-posts__post\">\n    <div class=\"wp-block-getwid-recent-posts__post-wrapper\">\n                    <div class=\"wp-block-getwid-recent-posts__post-thumbnail\">\n                <a href=\"https:\/\/josemanuelcardiel.com\/fr\/livraison-de-la-vierge-du-pilar-a-lassemblee-generale-annuelle-de-saragosse\/\"><img loading=\"lazy\" decoding=\"async\" width=\"225\" height=\"300\" src=\"https:\/\/josemanuelcardiel.com\/wp-content\/uploads\/2025\/12\/entrega-lienzoVirgenDelPilar-AGM-225x300.jpeg\" class=\"attachment-medium size-medium wp-post-image\" alt=\"Livraison de la Vierge du Pilar \u00e0 l&#039;Acad\u00e9mie militaire g\u00e9n\u00e9rale de Saragosse\" srcset=\"https:\/\/josemanuelcardiel.com\/wp-content\/uploads\/2025\/12\/entrega-lienzoVirgenDelPilar-AGM-225x300.jpeg 225w, https:\/\/josemanuelcardiel.com\/wp-content\/uploads\/2025\/12\/entrega-lienzoVirgenDelPilar-AGM-768x1024.jpeg 768w, https:\/\/josemanuelcardiel.com\/wp-content\/uploads\/2025\/12\/entrega-lienzoVirgenDelPilar-AGM-1152x1536.jpeg 1152w, https:\/\/josemanuelcardiel.com\/wp-content\/uploads\/2025\/12\/entrega-lienzoVirgenDelPilar-AGM-9x12.jpeg 9w, https:\/\/josemanuelcardiel.com\/wp-content\/uploads\/2025\/12\/entrega-lienzoVirgenDelPilar-AGM.jpeg 1200w\" sizes=\"auto, (max-width: 225px) 100vw, 225px\" \/><\/a>\n            <\/div>\n                            <div class=\"wp-block-getwid-recent-posts__content-wrapper\">\n                                    <header class=\"wp-block-getwid-recent-posts__entry-header\">\n                                                    <h2 class=\"wp-block-getwid-recent-posts__post-title\"><a href=\"https:\/\/josemanuelcardiel.com\/fr\/livraison-de-la-vierge-du-pilar-a-lassemblee-generale-annuelle-de-saragosse\/\">Livraison de la Vierge du Pilar \u00e0 l&#039;Acad\u00e9mie militaire g\u00e9n\u00e9rale de Saragosse<\/a><\/h2>                                                                    <\/header>\n                                <div class=\"wp-block-getwid-recent-posts__post-content\">Remise d&#039;un tableau de la Vierge du Pilar \u00e0 l&#039;Acad\u00e9mie G\u00e9n\u00e9rale Militaire de Saragosse au Directeur, Son Excellence le G\u00e9n\u00e9ral Prudencio Horche<\/div>\n                \n                            <\/div>\n            <\/div>\n<\/article>\n\n<article id=\"post-1798\" class=\"wp-block-getwid-recent-posts__post\">\n    <div class=\"wp-block-getwid-recent-posts__post-wrapper\">\n                    <div class=\"wp-block-getwid-recent-posts__post-thumbnail\">\n                <a href=\"https:\/\/josemanuelcardiel.com\/fr\/jose-manuel-cardiel-nomme-saragosse-exemplaire-en-2025\/\"><img loading=\"lazy\" decoding=\"async\" width=\"300\" height=\"200\" src=\"https:\/\/josemanuelcardiel.com\/wp-content\/uploads\/2025\/02\/jose-manuel-cardiel-zaragozano-ejemplar-300x200.webp\" class=\"attachment-medium size-medium wp-post-image\" alt=\"Jos\u00e9 Manuel Cardiel, nomm\u00e9 Saragosse exemplaire 2025\" srcset=\"https:\/\/josemanuelcardiel.com\/wp-content\/uploads\/2025\/02\/jose-manuel-cardiel-zaragozano-ejemplar-300x200.webp 300w, https:\/\/josemanuelcardiel.com\/wp-content\/uploads\/2025\/02\/jose-manuel-cardiel-zaragozano-ejemplar-1024x683.webp 1024w, https:\/\/josemanuelcardiel.com\/wp-content\/uploads\/2025\/02\/jose-manuel-cardiel-zaragozano-ejemplar-768x512.webp 768w, https:\/\/josemanuelcardiel.com\/wp-content\/uploads\/2025\/02\/jose-manuel-cardiel-zaragozano-ejemplar-18x12.webp 18w, https:\/\/josemanuelcardiel.com\/wp-content\/uploads\/2025\/02\/jose-manuel-cardiel-zaragozano-ejemplar.webp 1140w\" sizes=\"auto, (max-width: 300px) 100vw, 300px\" \/><\/a>\n            <\/div>\n                            <div class=\"wp-block-getwid-recent-posts__content-wrapper\">\n                                    <header class=\"wp-block-getwid-recent-posts__entry-header\">\n                                                    <h2 class=\"wp-block-getwid-recent-posts__post-title\"><a href=\"https:\/\/josemanuelcardiel.com\/fr\/jose-manuel-cardiel-nomme-saragosse-exemplaire-en-2025\/\">Jos\u00e9 Manuel Cardiel, nomm\u00e9 Saragosse exemplaire 2025<\/a><\/h2>                                                                    <\/header>\n                                <div class=\"wp-block-getwid-recent-posts__post-content\">Le Dr Jos\u00e9 Manuel Cardiel a re\u00e7u l&#039;une des plus prestigieuses distinctions de la ville : le titre de Citoyen exemplaire de Saragosse, d\u00e9cern\u00e9 par le Conseil municipal de Saragosse pour son \u00e9dition 2025. Ce prix, remis pour la premi\u00e8re fois lors des festivit\u00e9s de San Valero et non plus lors de la F\u00eate du Pilar, r\u00e9compense les personnes ayant apport\u00e9 une contribution exceptionnelle\u2026<\/div>\n                \n                            <\/div>\n            <\/div>\n<\/article>\n\n<article id=\"post-1801\" class=\"wp-block-getwid-recent-posts__post\">\n    <div class=\"wp-block-getwid-recent-posts__post-wrapper\">\n                    <div class=\"wp-block-getwid-recent-posts__post-thumbnail\">\n                <a href=\"https:\/\/josemanuelcardiel.com\/fr\/le-succes-retentissant-de-cardiel-dans-le-miroir-de-pollock-a-saragosse\/\"><img loading=\"lazy\" decoding=\"async\" width=\"300\" height=\"169\" src=\"https:\/\/josemanuelcardiel.com\/wp-content\/uploads\/2024\/10\/240911-Cardiel-980x551-1-300x169.jpg\" class=\"attachment-medium size-medium wp-post-image\" alt=\"\u00ab Cardiel dans le miroir de Pollock \u00bb est un succ\u00e8s retentissant \u00e0 Saragosse\" srcset=\"https:\/\/josemanuelcardiel.com\/wp-content\/uploads\/2024\/10\/240911-Cardiel-980x551-1-300x169.jpg 300w, https:\/\/josemanuelcardiel.com\/wp-content\/uploads\/2024\/10\/240911-Cardiel-980x551-1-768x432.jpg 768w, https:\/\/josemanuelcardiel.com\/wp-content\/uploads\/2024\/10\/240911-Cardiel-980x551-1-18x10.jpg 18w, https:\/\/josemanuelcardiel.com\/wp-content\/uploads\/2024\/10\/240911-Cardiel-980x551-1.jpg 980w\" sizes=\"auto, (max-width: 300px) 100vw, 300px\" \/><\/a>\n            <\/div>\n                            <div class=\"wp-block-getwid-recent-posts__content-wrapper\">\n                                    <header class=\"wp-block-getwid-recent-posts__entry-header\">\n                                                    <h2 class=\"wp-block-getwid-recent-posts__post-title\"><a href=\"https:\/\/josemanuelcardiel.com\/fr\/le-succes-retentissant-de-cardiel-dans-le-miroir-de-pollock-a-saragosse\/\">\u00ab Cardiel dans le miroir de Pollock \u00bb est un succ\u00e8s retentissant \u00e0 Saragosse<\/a><\/h2>                                                                    <\/header>\n                                <div class=\"wp-block-getwid-recent-posts__post-content\">L\u2019exposition \u00ab Cardiel dans le miroir de Pollock \u00bb, pr\u00e9sent\u00e9e \u00e0 l\u2019Espacio Caja Rural de Arag\u00f3n du 11 septembre au 31 octobre 2024, a connu un succ\u00e8s retentissant. M\u00ealant le monde de la m\u00e9decine \u00e0 l\u2019expressionnisme abstrait, elle a attir\u00e9 plus de 5\u00a0000 visiteurs durant sa dur\u00e9e.<\/div>\n                \n                            <\/div>\n            <\/div>\n<\/article>\n\n<article id=\"post-1804\" class=\"wp-block-getwid-recent-posts__post\">\n    <div class=\"wp-block-getwid-recent-posts__post-wrapper\">\n                    <div class=\"wp-block-getwid-recent-posts__post-thumbnail\">\n                <a href=\"https:\/\/josemanuelcardiel.com\/fr\/sous-la-protection-de-notre-dame-du-pilier-une-fusion-reussie-de-devotion-et-dart-abstrait-a-saragosse\/\"><img loading=\"lazy\" decoding=\"async\" width=\"300\" height=\"178\" src=\"https:\/\/josemanuelcardiel.com\/wp-content\/uploads\/2024\/11\/bajo-la-proteccion-de-nuestra-virgen-del-pilar_jose-manuel-cardiel-300x178.webp\" class=\"attachment-medium size-medium wp-post-image\" alt=\"\u00ab Sous la protection de Notre-Dame du Pilar \u00bb : une fusion r\u00e9ussie entre d\u00e9votion et art abstrait \u00e0 Saragosse\" srcset=\"https:\/\/josemanuelcardiel.com\/wp-content\/uploads\/2024\/11\/bajo-la-proteccion-de-nuestra-virgen-del-pilar_jose-manuel-cardiel-300x178.webp 300w, https:\/\/josemanuelcardiel.com\/wp-content\/uploads\/2024\/11\/bajo-la-proteccion-de-nuestra-virgen-del-pilar_jose-manuel-cardiel-18x12.webp 18w, https:\/\/josemanuelcardiel.com\/wp-content\/uploads\/2024\/11\/bajo-la-proteccion-de-nuestra-virgen-del-pilar_jose-manuel-cardiel.webp 607w\" sizes=\"auto, (max-width: 300px) 100vw, 300px\" \/><\/a>\n            <\/div>\n                            <div class=\"wp-block-getwid-recent-posts__content-wrapper\">\n                                    <header class=\"wp-block-getwid-recent-posts__entry-header\">\n                                                    <h2 class=\"wp-block-getwid-recent-posts__post-title\"><a href=\"https:\/\/josemanuelcardiel.com\/fr\/sous-la-protection-de-notre-dame-du-pilier-une-fusion-reussie-de-devotion-et-dart-abstrait-a-saragosse\/\">\u00ab Sous la protection de Notre-Dame du Pilar \u00bb : une fusion r\u00e9ussie entre d\u00e9votion et art abstrait \u00e0 Saragosse<\/a><\/h2>                                                                    <\/header>\n                                <div class=\"wp-block-getwid-recent-posts__post-content\">L\u2019exposition \u00ab Sous la protection de Notre-Dame du Pilier \u00bb, de l\u2019artiste Jos\u00e9 Manuel Cardiel, a transform\u00e9 l\u2019espace Recoveco du b\u00e2timent du Groupe San Valero (Plaza de Santa Cruz, s\/n) en un lieu de dialogue entre tradition religieuse et expressionnisme abstrait durant le mois d\u2019octobre 2024. Organis\u00e9e par USJ Culture dans le cadre du Festival du Pilier, l\u2019exposition\u2026<\/div>\n                \n                            <\/div>\n            <\/div>\n<\/article>\n\n<article id=\"post-1699\" class=\"wp-block-getwid-recent-posts__post\">\n    <div class=\"wp-block-getwid-recent-posts__post-wrapper\">\n                    <div class=\"wp-block-getwid-recent-posts__post-thumbnail\">\n                <a href=\"https:\/\/josemanuelcardiel.com\/fr\/saragosse-accorde-le-titre-de-fille-adoptive-a-son-altesse-royale-la-princesse-des-asturies\/\"><img loading=\"lazy\" decoding=\"async\" width=\"300\" height=\"202\" src=\"https:\/\/josemanuelcardiel.com\/wp-content\/uploads\/2024\/05\/princesa-asturias_cardiel-300x202.jpg\" class=\"attachment-medium size-medium wp-post-image\" alt=\"Saragosse accorde le titre de fille adoptive \u00e0 Son Altesse Royale la Princesse des Asturies\" srcset=\"https:\/\/josemanuelcardiel.com\/wp-content\/uploads\/2024\/05\/princesa-asturias_cardiel-300x202.jpg 300w, https:\/\/josemanuelcardiel.com\/wp-content\/uploads\/2024\/05\/princesa-asturias_cardiel.jpg 319w\" sizes=\"auto, (max-width: 300px) 100vw, 300px\" \/><\/a>\n            <\/div>\n                            <div class=\"wp-block-getwid-recent-posts__content-wrapper\">\n                                    <header class=\"wp-block-getwid-recent-posts__entry-header\">\n                                                    <h2 class=\"wp-block-getwid-recent-posts__post-title\"><a href=\"https:\/\/josemanuelcardiel.com\/fr\/saragosse-accorde-le-titre-de-fille-adoptive-a-son-altesse-royale-la-princesse-des-asturies\/\">Saragosse accorde le titre de fille adoptive \u00e0 Son Altesse Royale la Princesse des Asturies<\/a><\/h2>                                                                    <\/header>\n                                <div class=\"wp-block-getwid-recent-posts__post-content\"><\/div>\n                \n                            <\/div>\n            <\/div>\n<\/article>\n\t\t\t<\/div>\n\t\t<\/div>\n\t\t<\/div><\/div><\/div><\/div><\/div>\n\n\n\n<div class=\"wp-block-getwid-section\"><div class=\"wp-block-getwid-section__wrapper\"><div class=\"wp-block-getwid-section__inner-wrapper\"><div class=\"wp-block-getwid-section__background-holder\"><div class=\"wp-block-getwid-section__background\"><\/div><div class=\"wp-block-getwid-section__foreground\"><\/div><\/div><div class=\"wp-block-getwid-section__content\"><div class=\"wp-block-getwid-section__inner-content\">\n<h2 class=\"wp-block-heading\">Travail de fond dans le cadre de la campagne d&#039;information COVID du Gouvernement d&#039;Aragon (septembre 2020)<\/h2>\n\n\n\n<p class=\"wp-block-paragraph\">Le D\u00e9partement de Sant\u00e9 du Gouvernement d&#039;Aragon a utilis\u00e9 l&#039;\u0153uvre Azules comme toile de fond pour la publication de trois vid\u00e9os en espagnol, roumain et arabe dans le cadre d&#039;une campagne de sensibilisation sur la n\u00e9cessit\u00e9 de l&#039;isolement en cas de COVID-19.<\/p>\n\n\n\n<p class=\"has-text-align-justify wp-block-paragraph\" id=\"m101-100-102\">Sira Repoll\u00e9s, ministre de la Sant\u00e9 d&#039;Aragon,&nbsp;<strong>participez \u00e0 ces vid\u00e9os<\/strong>&nbsp;avec trois autres b\u00e9n\u00e9voles, qui seront diffus\u00e9s \u00e0 travers les r\u00e9seaux sociaux.<\/p>\n\n\n\n<figure class=\"wp-block-video\"><video height=\"1080\" style=\"aspect-ratio: 1920 \/ 1080;\" width=\"1920\" controls src=\"http:\/\/josemanuelcardiel.com\/wp-content\/uploads\/2020\/09\/campana-covid-dga.mp4\"><\/video><\/figure>\n<\/div><\/div><\/div><\/div><\/div>\n<\/div><\/div><\/div><\/div><\/div>\n\n\n\n<div class=\"wp-block-uagb-buttons uagb-buttons__outer-wrap uagb-btn__default-btn uagb-btn-tablet__default-btn uagb-btn-mobile__default-btn uagb-block-1759ce0c\"><div class=\"uagb-buttons__wrap uagb-buttons-layout-wrap\">\n<div class=\"wp-block-uagb-buttons-child uagb-buttons__outer-wrap uagb-block-ab56a2fb wp-block-button\"><div class=\"uagb-button__wrapper\"><a class=\"uagb-buttons-repeater wp-block-button__link\" aria-label=\"\" href=\"https:\/\/josemanuelcardiel.com\/fr\/loeuvre\/\" rel=\"follow noopener\" target=\"_self\" role=\"button\"><div class=\"uagb-button__link\">Visitez l&#039;\u0153uvre<\/div><\/a><\/div><\/div>\n\n\n\n<div class=\"wp-block-uagb-buttons-child uagb-buttons__outer-wrap uagb-block-ae7852f2 wp-block-button\"><div class=\"uagb-button__wrapper\"><a class=\"uagb-buttons-repeater wp-block-button__link\" aria-label=\"\" href=\"https:\/\/josemanuelcardiel.com\/fr\/contact\/\" rel=\"follow noopener\" target=\"_self\" role=\"button\"><div class=\"uagb-button__link\">Contactez moi<\/div><\/a><\/div><\/div>\n<\/div><\/div>\n\n\n\n\t\t\t<div class=\"wp-block-uagb-post-masonry uagb-post-grid  uagb-post__image-position-top uagb-post__image-enabled uagb-block-51dcc986     uagb-post__items uagb-post__columns-4 is-masonry uagb-post__columns-tablet-2 uagb-post__columns-mobile-1\" data-total=\"1\" style=\"\">\n\n\t\t\t\t\t\t\t\t\t\t\t\t<article class=\"uagb-post__inner-wrap\">\t\t\t\t\t\t\t\t<div class='uagb-post__image'>\n\t\t\t\t\t\t\t\t\t<a href=\"https:\/\/josemanuelcardiel.com\/fr\/revue-de-lexposition-transformante-sur-www-spainculture-be\/\" target=\"_self\" rel=\"bookmark noopener noreferrer\"><img loading=\"lazy\" decoding=\"async\" width=\"768\" height=\"1222\" src=\"https:\/\/josemanuelcardiel.com\/wp-content\/uploads\/2020\/02\/WhatsApp-Image-2020-02-19-at-20.20.54-768x1222.jpeg\" class=\"attachment-medium_large size-medium_large\" alt=\"Transformation - Bruxelles | Cardiel\" srcset=\"https:\/\/josemanuelcardiel.com\/wp-content\/uploads\/2020\/02\/WhatsApp-Image-2020-02-19-at-20.20.54-768x1222.jpeg 768w, https:\/\/josemanuelcardiel.com\/wp-content\/uploads\/2020\/02\/WhatsApp-Image-2020-02-19-at-20.20.54-189x300.jpeg 189w, https:\/\/josemanuelcardiel.com\/wp-content\/uploads\/2020\/02\/WhatsApp-Image-2020-02-19-at-20.20.54-644x1024.jpeg 644w, https:\/\/josemanuelcardiel.com\/wp-content\/uploads\/2020\/02\/WhatsApp-Image-2020-02-19-at-20.20.54-966x1536.jpeg 966w, https:\/\/josemanuelcardiel.com\/wp-content\/uploads\/2020\/02\/WhatsApp-Image-2020-02-19-at-20.20.54-scaled.jpeg 754w\" sizes=\"auto, (max-width: 768px) 100vw, 768px\" \/>\t\t\t\t\t<\/a>\n\t\t\t\t\t\t\t\t\t<\/div>\n\t\t\t\t\t\t<h4 class=\"uagb-post__title uagb-post__text\">\n\t\t\t\t<a href=\"https:\/\/josemanuelcardiel.com\/fr\/revue-de-lexposition-transformante-sur-www-spainculture-be\/\" target=\"_self\" rel=\"bookmark noopener noreferrer\">Revue de l&#039;exposition Transforming, www.spainculture.be<\/a>\n\t\t\t<\/h4>\n\t\t\t\t\t\t<div class='uagb-post__text uagb-post-grid-byline'>\n\t\t\t\t\t\t\t<\/div>\n\t\t\t\t\t\t<div class=\"uagb-post__text uagb-post__cta wp-block-button\">\n\t\t\t\t<a class=\"wp-block-button__link uagb-text-link\" style=\"\" href=\"https:\/\/josemanuelcardiel.com\/fr\/revue-de-lexposition-transformante-sur-www-spainculture-be\/\" target=\"_self\" rel=\"bookmark noopener noreferrer\">Lire la suite<\/a>\n\t\t\t<\/div>\n\t\t\t\n\t\t\t\t\t\t\t\t\t<\/article>\n\t\t\t\t\t\t\t\t\t\t\t\t\t\t\t\t<article class=\"uagb-post__inner-wrap\">\t\t\t\t\t\t\t\t<div class='uagb-post__image'>\n\t\t\t\t\t\t\t\t\t<a href=\"https:\/\/josemanuelcardiel.com\/fr\/ici-saragosse-no164-2019\/\" target=\"_self\" rel=\"bookmark noopener noreferrer\"><img loading=\"lazy\" decoding=\"async\" width=\"768\" height=\"1090\" src=\"https:\/\/josemanuelcardiel.com\/wp-content\/uploads\/2020\/02\/aki-zaragoza-n\u00ba164-2019.-768x1090.jpg\" class=\"attachment-medium_large size-medium_large\" alt=\"\" srcset=\"https:\/\/josemanuelcardiel.com\/wp-content\/uploads\/2020\/02\/aki-zaragoza-n\u00ba164-2019.-768x1090.jpg 768w, https:\/\/josemanuelcardiel.com\/wp-content\/uploads\/2020\/02\/aki-zaragoza-n\u00ba164-2019.-211x300.jpg 211w, https:\/\/josemanuelcardiel.com\/wp-content\/uploads\/2020\/02\/aki-zaragoza-n\u00ba164-2019.-722x1024.jpg 722w, https:\/\/josemanuelcardiel.com\/wp-content\/uploads\/2020\/02\/aki-zaragoza-n\u00ba164-2019.-1082x1536.jpg 1082w, https:\/\/josemanuelcardiel.com\/wp-content\/uploads\/2020\/02\/aki-zaragoza-n\u00ba164-2019..jpg 1200w\" sizes=\"auto, (max-width: 768px) 100vw, 768px\" \/>\t\t\t\t\t<\/a>\n\t\t\t\t\t\t\t\t\t<\/div>\n\t\t\t\t\t\t<h4 class=\"uagb-post__title uagb-post__text\">\n\t\t\t\t<a href=\"https:\/\/josemanuelcardiel.com\/fr\/ici-saragosse-no164-2019\/\" target=\"_self\" rel=\"bookmark noopener noreferrer\">Aki Saragosse N\u00ba164 2019<\/a>\n\t\t\t<\/h4>\n\t\t\t\t\t\t<div class='uagb-post__text uagb-post-grid-byline'>\n\t\t\t\t\t\t\t<\/div>\n\t\t\t\t\t\t<div class=\"uagb-post__text uagb-post__cta wp-block-button\">\n\t\t\t\t<a class=\"wp-block-button__link uagb-text-link\" style=\"\" href=\"https:\/\/josemanuelcardiel.com\/fr\/ici-saragosse-no164-2019\/\" target=\"_self\" rel=\"bookmark noopener noreferrer\">Lire la suite<\/a>\n\t\t\t<\/div>\n\t\t\t\n\t\t\t\t\t\t\t\t\t<\/article>\n\t\t\t\t\t\t\t\t\t\t\t\t\t\t\t\t<article class=\"uagb-post__inner-wrap\">\t\t\t\t\t\t\t\t<h4 class=\"uagb-post__title uagb-post__text\">\n\t\t\t\t<a href=\"https:\/\/josemanuelcardiel.com\/fr\/journal-daragon-5-04-19\/\" target=\"_self\" rel=\"bookmark noopener noreferrer\">Journal d&#039;Aragon 04\/05\/19<\/a>\n\t\t\t<\/h4>\n\t\t\t\t\t\t<div class='uagb-post__text uagb-post-grid-byline'>\n\t\t\t\t\t\t\t<\/div>\n\t\t\t\t\t\t<div class=\"uagb-post__text uagb-post__cta wp-block-button\">\n\t\t\t\t<a class=\"wp-block-button__link uagb-text-link\" style=\"\" href=\"https:\/\/josemanuelcardiel.com\/fr\/journal-daragon-5-04-19\/\" target=\"_self\" rel=\"bookmark noopener noreferrer\">Lire la suite<\/a>\n\t\t\t<\/div>\n\t\t\t\n\t\t\t\t\t\t\t\t\t<\/article>\n\t\t\t\t\t\t\t\t\t\t\t\t\t\t\t\t<article class=\"uagb-post__inner-wrap\">\t\t\t\t\t\t\t\t<h4 class=\"uagb-post__title uagb-post__text\">\n\t\t\t\t<a href=\"https:\/\/josemanuelcardiel.com\/fr\/revue-dans-labuenavidaenzaragoza-com\/\" target=\"_self\" rel=\"bookmark noopener noreferrer\">Revue sur Labuenavidaenzaragoza.com<\/a>\n\t\t\t<\/h4>\n\t\t\t\t\t\t<div class='uagb-post__text uagb-post-grid-byline'>\n\t\t\t\t\t\t\t<\/div>\n\t\t\t\t\t\t<div class=\"uagb-post__text uagb-post__cta wp-block-button\">\n\t\t\t\t<a class=\"wp-block-button__link uagb-text-link\" style=\"\" href=\"https:\/\/josemanuelcardiel.com\/fr\/revue-dans-labuenavidaenzaragoza-com\/\" target=\"_self\" rel=\"bookmark noopener noreferrer\">Lire la suite<\/a>\n\t\t\t<\/div>\n\t\t\t\n\t\t\t\t\t\t\t\t\t<\/article>\n\t\t\t\t\t\t\t\t\t\t\t\t\t\t\t\t<article class=\"uagb-post__inner-wrap\">\t\t\t\t\t\t\t\t<h4 class=\"uagb-post__title uagb-post__text\">\n\t\t\t\t<a href=\"https:\/\/josemanuelcardiel.com\/fr\/revue-publiee-dans-labuenavidaenzaragoza-com\/\" target=\"_self\" rel=\"bookmark noopener noreferrer\">Revue publi\u00e9e \u00ab\u2026 et les r\u00eaves, les r\u00eaves sont\u2026\u00bb sur labuenavidaenzaragoza.com<\/a>\n\t\t\t<\/h4>\n\t\t\t\t\t\t<div class='uagb-post__text uagb-post-grid-byline'>\n\t\t\t\t\t\t\t<\/div>\n\t\t\t\t\t\t<div class=\"uagb-post__text uagb-post__cta wp-block-button\">\n\t\t\t\t<a class=\"wp-block-button__link uagb-text-link\" style=\"\" href=\"https:\/\/josemanuelcardiel.com\/fr\/revue-publiee-dans-labuenavidaenzaragoza-com\/\" target=\"_self\" rel=\"bookmark noopener noreferrer\">Lire la suite<\/a>\n\t\t\t<\/div>\n\t\t\t\n\t\t\t\t\t\t\t\t\t<\/article>\n\t\t\t\t\t\t\t\t\t\t\t\t\t\t\t\t<article class=\"uagb-post__inner-wrap\">\t\t\t\t\t\t\t\t<div class='uagb-post__image'>\n\t\t\t\t\t\t\t\t\t<a href=\"https:\/\/josemanuelcardiel.com\/fr\/heraut-daragon-02-16-19-2\/\" target=\"_self\" rel=\"bookmark noopener noreferrer\"><img loading=\"lazy\" decoding=\"async\" width=\"768\" height=\"327\" src=\"https:\/\/josemanuelcardiel.com\/wp-content\/uploads\/2020\/02\/HERALDO-16.2.2019-768x327.jpg\" class=\"attachment-medium_large size-medium_large\" alt=\"\" srcset=\"https:\/\/josemanuelcardiel.com\/wp-content\/uploads\/2020\/02\/HERALDO-16.2.2019-768x327.jpg 768w, https:\/\/josemanuelcardiel.com\/wp-content\/uploads\/2020\/02\/HERALDO-16.2.2019-300x128.jpg 300w, https:\/\/josemanuelcardiel.com\/wp-content\/uploads\/2020\/02\/HERALDO-16.2.2019-1024x436.jpg 1024w, https:\/\/josemanuelcardiel.com\/wp-content\/uploads\/2020\/02\/HERALDO-16.2.2019.jpg 1200w\" sizes=\"auto, (max-width: 768px) 100vw, 768px\" \/>\t\t\t\t\t<\/a>\n\t\t\t\t\t\t\t\t\t<\/div>\n\t\t\t\t\t\t<h4 class=\"uagb-post__title uagb-post__text\">\n\t\t\t\t<a href=\"https:\/\/josemanuelcardiel.com\/fr\/heraut-daragon-02-16-19-2\/\" target=\"_self\" rel=\"bookmark noopener noreferrer\">H\u00e9raut d&#039;Aragon, 16\/02\/19<\/a>\n\t\t\t<\/h4>\n\t\t\t\t\t\t<div class='uagb-post__text uagb-post-grid-byline'>\n\t\t\t\t\t\t\t<\/div>\n\t\t\t\t\t\t<div class=\"uagb-post__text uagb-post__cta wp-block-button\">\n\t\t\t\t<a class=\"wp-block-button__link uagb-text-link\" style=\"\" href=\"https:\/\/josemanuelcardiel.com\/fr\/heraut-daragon-02-16-19-2\/\" target=\"_self\" rel=\"bookmark noopener noreferrer\">Lire la suite<\/a>\n\t\t\t<\/div>\n\t\t\t\n\t\t\t\t\t\t\t\t\t<\/article>\n\t\t\t\t\t\t\t\t\t\t\t\t\t\t\t\t<article class=\"uagb-post__inner-wrap\">\t\t\t\t\t\t\t\t<div class='uagb-post__image'>\n\t\t\t\t\t\t\t\t\t<a href=\"https:\/\/josemanuelcardiel.com\/fr\/journal-daragon-02-15-19\/\" target=\"_self\" rel=\"bookmark noopener noreferrer\"><img loading=\"lazy\" decoding=\"async\" width=\"768\" height=\"768\" src=\"https:\/\/josemanuelcardiel.com\/wp-content\/uploads\/2020\/02\/Diario-aragones-150219-768x768.jpg\" class=\"attachment-medium_large size-medium_large\" alt=\"\" srcset=\"https:\/\/josemanuelcardiel.com\/wp-content\/uploads\/2020\/02\/Diario-aragones-150219-768x768.jpg 768w, https:\/\/josemanuelcardiel.com\/wp-content\/uploads\/2020\/02\/Diario-aragones-150219-300x300.jpg 300w, https:\/\/josemanuelcardiel.com\/wp-content\/uploads\/2020\/02\/Diario-aragones-150219-150x150.jpg 150w, https:\/\/josemanuelcardiel.com\/wp-content\/uploads\/2020\/02\/Diario-aragones-150219.jpg 863w\" sizes=\"auto, (max-width: 768px) 100vw, 768px\" \/>\t\t\t\t\t<\/a>\n\t\t\t\t\t\t\t\t\t<\/div>\n\t\t\t\t\t\t<h4 class=\"uagb-post__title uagb-post__text\">\n\t\t\t\t<a href=\"https:\/\/josemanuelcardiel.com\/fr\/journal-daragon-02-15-19\/\" target=\"_self\" rel=\"bookmark noopener noreferrer\">Journal aragonais 15\/02\/19<\/a>\n\t\t\t<\/h4>\n\t\t\t\t\t\t<div class='uagb-post__text uagb-post-grid-byline'>\n\t\t\t\t\t\t\t<\/div>\n\t\t\t\t\t\t<div class=\"uagb-post__text uagb-post__cta wp-block-button\">\n\t\t\t\t<a class=\"wp-block-button__link uagb-text-link\" style=\"\" href=\"https:\/\/josemanuelcardiel.com\/fr\/journal-daragon-02-15-19\/\" target=\"_self\" rel=\"bookmark noopener noreferrer\">Lire la suite<\/a>\n\t\t\t<\/div>\n\t\t\t\n\t\t\t\t\t\t\t\t\t<\/article>\n\t\t\t\t\t\t\t\t\t\t\t\t\t\t\t\t<article class=\"uagb-post__inner-wrap\">\t\t\t\t\t\t\t\t<div class='uagb-post__image'>\n\t\t\t\t\t\t\t\t\t<a href=\"https:\/\/josemanuelcardiel.com\/fr\/journal-daragon-13-02-19\/\" target=\"_self\" rel=\"bookmark noopener noreferrer\"><img loading=\"lazy\" decoding=\"async\" width=\"768\" height=\"768\" src=\"https:\/\/josemanuelcardiel.com\/wp-content\/uploads\/2020\/02\/Diario-aragones-150219-768x768.jpg\" class=\"attachment-medium_large size-medium_large\" alt=\"\" srcset=\"https:\/\/josemanuelcardiel.com\/wp-content\/uploads\/2020\/02\/Diario-aragones-150219-768x768.jpg 768w, https:\/\/josemanuelcardiel.com\/wp-content\/uploads\/2020\/02\/Diario-aragones-150219-300x300.jpg 300w, https:\/\/josemanuelcardiel.com\/wp-content\/uploads\/2020\/02\/Diario-aragones-150219-150x150.jpg 150w, https:\/\/josemanuelcardiel.com\/wp-content\/uploads\/2020\/02\/Diario-aragones-150219.jpg 863w\" sizes=\"auto, (max-width: 768px) 100vw, 768px\" \/>\t\t\t\t\t<\/a>\n\t\t\t\t\t\t\t\t\t<\/div>\n\t\t\t\t\t\t<h4 class=\"uagb-post__title uagb-post__text\">\n\t\t\t\t<a href=\"https:\/\/josemanuelcardiel.com\/fr\/journal-daragon-13-02-19\/\" target=\"_self\" rel=\"bookmark noopener noreferrer\">Journal aragonais 13\/02\/19<\/a>\n\t\t\t<\/h4>\n\t\t\t\t\t\t<div class='uagb-post__text uagb-post-grid-byline'>\n\t\t\t\t\t\t\t<\/div>\n\t\t\t\t\t\t<div class=\"uagb-post__text uagb-post__cta wp-block-button\">\n\t\t\t\t<a class=\"wp-block-button__link uagb-text-link\" style=\"\" href=\"https:\/\/josemanuelcardiel.com\/fr\/journal-daragon-13-02-19\/\" target=\"_self\" rel=\"bookmark noopener noreferrer\">Lire la suite<\/a>\n\t\t\t<\/div>\n\t\t\t\n\t\t\t\t\t\t\t\t\t<\/article>\n\t\t\t\t\t\t\t\t\t\t\t\t\t\t\t\t<article class=\"uagb-post__inner-wrap\">\t\t\t\t\t\t\t\t<div class='uagb-post__image'>\n\t\t\t\t\t\t\t\t\t<a href=\"https:\/\/josemanuelcardiel.com\/fr\/ici-saragosse-no157-2017\/\" target=\"_self\" rel=\"bookmark noopener noreferrer\"><img loading=\"lazy\" decoding=\"async\" width=\"768\" height=\"1024\" src=\"https:\/\/josemanuelcardiel.com\/wp-content\/uploads\/2020\/02\/aki-zaragoza-n\u00ba157-2017-768x1024.jpg\" class=\"attachment-medium_large size-medium_large\" alt=\"\" srcset=\"https:\/\/josemanuelcardiel.com\/wp-content\/uploads\/2020\/02\/aki-zaragoza-n\u00ba157-2017-768x1024.jpg 768w, https:\/\/josemanuelcardiel.com\/wp-content\/uploads\/2020\/02\/aki-zaragoza-n\u00ba157-2017-225x300.jpg 225w, https:\/\/josemanuelcardiel.com\/wp-content\/uploads\/2020\/02\/aki-zaragoza-n\u00ba157-2017-1152x1536.jpg 1152w, https:\/\/josemanuelcardiel.com\/wp-content\/uploads\/2020\/02\/aki-zaragoza-n\u00ba157-2017.jpg 1200w\" sizes=\"auto, (max-width: 768px) 100vw, 768px\" \/>\t\t\t\t\t<\/a>\n\t\t\t\t\t\t\t\t\t<\/div>\n\t\t\t\t\t\t<h4 class=\"uagb-post__title uagb-post__text\">\n\t\t\t\t<a href=\"https:\/\/josemanuelcardiel.com\/fr\/ici-saragosse-no157-2017\/\" target=\"_self\" rel=\"bookmark noopener noreferrer\">Aki Saragosse N\u00ba157 2017<\/a>\n\t\t\t<\/h4>\n\t\t\t\t\t\t<div class='uagb-post__text uagb-post-grid-byline'>\n\t\t\t\t\t\t\t<\/div>\n\t\t\t\t\t\t<div class=\"uagb-post__text uagb-post__cta wp-block-button\">\n\t\t\t\t<a class=\"wp-block-button__link uagb-text-link\" style=\"\" href=\"https:\/\/josemanuelcardiel.com\/fr\/ici-saragosse-no157-2017\/\" target=\"_self\" rel=\"bookmark noopener noreferrer\">Lire la suite<\/a>\n\t\t\t<\/div>\n\t\t\t\n\t\t\t\t\t\t\t\t\t<\/article>\n\t\t\t\t\t\t\t\t\t\t\t<\/div>\n\t\t\t\n\n\n<div class=\"wp-block-uagb-buttons uagb-buttons__outer-wrap uagb-btn__default-btn uagb-btn-tablet__default-btn uagb-btn-mobile__default-btn uagb-block-773d21ed\"><div class=\"uagb-buttons__wrap uagb-buttons-layout-wrap\">\n<div class=\"wp-block-uagb-buttons-child uagb-buttons__outer-wrap uagb-block-f93d398b wp-block-button\"><div class=\"uagb-button__wrapper\"><a class=\"uagb-buttons-repeater wp-block-button__link\" aria-label=\"\" href=\"https:\/\/josemanuelcardiel.com\/fr\/loeuvre\/\" rel=\"follow noopener\" target=\"_self\" role=\"button\"><div class=\"uagb-button__link\">Visitez l&#039;\u0153uvre<\/div><\/a><\/div><\/div>\n\n\n\n<div class=\"wp-block-uagb-buttons-child uagb-buttons__outer-wrap uagb-block-32657bb7 wp-block-button\"><div class=\"uagb-button__wrapper\"><a class=\"uagb-buttons-repeater wp-block-button__link\" aria-label=\"\" href=\"https:\/\/josemanuelcardiel.com\/fr\/contact\/\" rel=\"follow noopener\" target=\"_self\" role=\"button\"><div class=\"uagb-button__link\">Contactez moi<\/div><\/a><\/div><\/div>\n<\/div><\/div>","protected":false},"excerpt":{"rendered":"","protected":false},"author":1,"featured_media":0,"parent":0,"menu_order":0,"comment_status":"closed","ping_status":"closed","template":"","meta":{"_uag_custom_page_level_css":"","site-sidebar-layout":"default","site-content-layout":"default","ast-site-content-layout":"default","site-content-style":"default","site-sidebar-style":"default","ast-global-header-display":"","ast-banner-title-visibility":"","ast-main-header-display":"","ast-hfb-above-header-display":"","ast-hfb-below-header-display":"","ast-hfb-mobile-header-display":"","site-post-title":"","ast-breadcrumbs-content":"","ast-featured-img":"","footer-sml-layout":"","ast-disable-related-posts":"","theme-transparent-header-meta":"default","adv-header-id-meta":"","stick-header-meta":"default","header-above-stick-meta":"","header-main-stick-meta":"","header-below-stick-meta":"","astra-migrate-meta-layouts":"set","ast-page-background-enabled":"default","ast-page-background-meta":{"desktop":{"background-color":"var(--ast-global-color-4)","background-image":"","background-repeat":"repeat","background-position":"center center","background-size":"auto","background-attachment":"scroll","background-type":"","background-media":"","overlay-type":"","overlay-color":"","overlay-opacity":"","overlay-gradient":""},"tablet":{"background-color":"","background-image":"","background-repeat":"repeat","background-position":"center center","background-size":"auto","background-attachment":"scroll","background-type":"","background-media":"","overlay-type":"","overlay-color":"","overlay-opacity":"","overlay-gradient":""},"mobile":{"background-color":"","background-image":"","background-repeat":"repeat","background-position":"center center","background-size":"auto","background-attachment":"scroll","background-type":"","background-media":"","overlay-type":"","overlay-color":"","overlay-opacity":"","overlay-gradient":""}},"ast-content-background-meta":{"desktop":{"background-color":"var(--ast-global-color-5)","background-image":"","background-repeat":"repeat","background-position":"center center","background-size":"auto","background-attachment":"scroll","background-type":"","background-media":"","overlay-type":"","overlay-color":"","overlay-opacity":"","overlay-gradient":""},"tablet":{"background-color":"var(--ast-global-color-5)","background-image":"","background-repeat":"repeat","background-position":"center center","background-size":"auto","background-attachment":"scroll","background-type":"","background-media":"","overlay-type":"","overlay-color":"","overlay-opacity":"","overlay-gradient":""},"mobile":{"background-color":"var(--ast-global-color-5)","background-image":"","background-repeat":"repeat","background-position":"center center","background-size":"auto","background-attachment":"scroll","background-type":"","background-media":"","overlay-type":"","overlay-color":"","overlay-opacity":"","overlay-gradient":""}},"ngg_post_thumbnail":0,"footnotes":""},"class_list":["post-58","page","type-page","status-publish","hentry"],"uagb_featured_image_src":{"full":false,"thumbnail":false,"medium":false,"medium_large":false,"large":false,"1536x1536":false,"2048x2048":false,"trp-custom-language-flag":false,"ultp_layout_landscape_large":false,"ultp_layout_landscape":false,"ultp_layout_portrait":false,"ultp_layout_square":false},"uagb_author_info":{"display_name":"admin","author_link":"https:\/\/josemanuelcardiel.com\/fr\/author\/admin\/"},"uagb_comment_info":0,"uagb_excerpt":null,"_links":{"self":[{"href":"https:\/\/josemanuelcardiel.com\/fr\/wp-json\/wp\/v2\/pages\/58","targetHints":{"allow":["GET"]}}],"collection":[{"href":"https:\/\/josemanuelcardiel.com\/fr\/wp-json\/wp\/v2\/pages"}],"about":[{"href":"https:\/\/josemanuelcardiel.com\/fr\/wp-json\/wp\/v2\/types\/page"}],"author":[{"embeddable":true,"href":"https:\/\/josemanuelcardiel.com\/fr\/wp-json\/wp\/v2\/users\/1"}],"replies":[{"embeddable":true,"href":"https:\/\/josemanuelcardiel.com\/fr\/wp-json\/wp\/v2\/comments?post=58"}],"version-history":[{"count":5,"href":"https:\/\/josemanuelcardiel.com\/fr\/wp-json\/wp\/v2\/pages\/58\/revisions"}],"predecessor-version":[{"id":1737,"href":"https:\/\/josemanuelcardiel.com\/fr\/wp-json\/wp\/v2\/pages\/58\/revisions\/1737"}],"wp:attachment":[{"href":"https:\/\/josemanuelcardiel.com\/fr\/wp-json\/wp\/v2\/media?parent=58"}],"curies":[{"name":"wp","href":"https:\/\/api.w.org\/{rel}","templated":true}]}}